{"id":190,"date":"2018-11-30T11:22:25","date_gmt":"2018-11-30T11:22:25","guid":{"rendered":"https:\/\/mmktpro.com\/ubach\/?page_id=190"},"modified":"2025-03-12T11:36:44","modified_gmt":"2025-03-12T11:36:44","slug":"lents-de-contacte","status":"publish","type":"page","link":"https:\/\/opticaubach.com\/ca\/productes\/lents-de-contacte\/","title":{"rendered":"Lents de contacte"},"content":{"rendered":"<section class=\"wpb-content-wrapper\"><p>[vc_row equal_height=&#8221;yes&#8221; content_placement=&#8221;top&#8221; css=&#8221;.vc_custom_1543418794081{margin-bottom: 45px !important;}&#8221;][vc_column width=&#8221;1\/6&#8243;][\/vc_column][vc_column width=&#8221;2\/3&#8243;][vc_column_text css=&#8221;.vc_custom_1543576785710{margin-top: 30px !important;}&#8221;]<\/p>\n<h3 style=\"text-align: center;\">Les lents de contacte ofereixen una millor agudesa visual i fan que la visi\u00f3 sigui m\u00e9s natural.<\/h3>\n<p>[\/vc_column_text][vc_separator color=&#8221;custom&#8221; border_width=&#8221;2&#8243; el_width=&#8221;10&#8243; accent_color=&#8221;#162ca4&#8243; css=&#8221;.vc_custom_1543431908013{padding-top: 30px !important;padding-bottom: 20px !important;}&#8221;][\/vc_column][vc_column width=&#8221;1\/6&#8243;][\/vc_column][\/vc_row][vc_row equal_height=&#8221;yes&#8221; content_placement=&#8221;top&#8221; css=&#8221;.vc_custom_1543418794081{margin-bottom: 45px !important;}&#8221;][vc_column width=&#8221;1\/2&#8243;][vc_single_image image=&#8221;557&#8243; img_size=&#8221;640&#215;360&#8243;][\/vc_column][vc_column width=&#8221;1\/2&#8243;][vc_column_text css=&#8221;.vc_custom_1544180463560{margin-top: 30px !important;}&#8221;]Les lents de contacte respecte les ulleres ofereixen una millor agudesa visual, sobretot en graduacions mitjanes i altes, proporcionen tot el camp visual i no augmenten ni disminueixen la mida aparent de les coses. Aix\u00f2 fa que la visi\u00f3 sigui m\u00e9s natural.<\/p>\n<p>No hi ha una edat m\u00ednima per fer servir lents de contacte. Totes les edats son apropiades, fins i tot en nadons, encara que es recomana que els nens tinguin capacitat per manipular-les.[\/vc_column_text][vc_separator color=&#8221;custom&#8221; align=&#8221;align_left&#8221; border_width=&#8221;2&#8243; el_width=&#8221;20&#8243; accent_color=&#8221;#162ca4&#8243; css=&#8221;.vc_custom_1543432278670{padding-top: 20px !important;padding-bottom: 20px !important;}&#8221;][\/vc_column][\/vc_row][vc_row full_width=&#8221;stretch_row&#8221; equal_height=&#8221;yes&#8221; content_placement=&#8221;top&#8221; css=&#8221;.vc_custom_1543577117678{padding-top: 45px !important;padding-bottom: 45px !important;background-color: #f4f4f4 !important;}&#8221;][vc_column width=&#8221;1\/2&#8243;][vc_column_text css=&#8221;.vc_custom_1543576941669{margin-top: 30px !important;}&#8221;]A \u00d3ptica Ubach els nostres contact\u00f2legs t\u2019informaran i adaptaran les millors lents de contacte per el teu cas, segons graduaci\u00f3, depenent perqu\u00e8 les vulguis fer servir, topografia corneal\u2026. i t\u2019ensenyem a utilitzar-les i manipular-les. PROVA-LES SENSE CAP COMPROM\u00cdS.<\/p>\n<p>Les lents de contacte m\u00e9s utilitzades avui en dia son les lents toves d\u2019un sol \u00fas. El material m\u00e9s nou actualment en lents de contacte toves \u00e9s l\u2019Hidrogel de Silicona, que dona un aport d\u2019oxigen 5 vegades m\u00e9s gran que les lents de contacte d\u2019hidrogel tradicional, per aix\u00f2, \u00e9s la nostra primera opci\u00f3 en les adaptacions de lents de contacte.[\/vc_column_text][vc_separator color=&#8221;custom&#8221; align=&#8221;align_left&#8221; border_width=&#8221;2&#8243; el_width=&#8221;20&#8243; accent_color=&#8221;#162ca4&#8243; css=&#8221;.vc_custom_1543432278670{padding-top: 20px !important;padding-bottom: 20px !important;}&#8221;][\/vc_column][vc_column width=&#8221;1\/2&#8243;][vc_single_image image=&#8221;559&#8243; img_size=&#8221;640&#215;360&#8243;][\/vc_column][\/vc_row][vc_row equal_height=&#8221;yes&#8221; content_placement=&#8221;top&#8221; css=&#8221;.vc_custom_1543851599789{margin-top: 20px !important;margin-bottom: 55px !important;}&#8221;][vc_column][vc_row_inner css=&#8221;.vc_custom_1543851475518{margin-bottom: 30px !important;}&#8221;][vc_column_inner width=&#8221;1\/4&#8243;][\/vc_column_inner][vc_column_inner width=&#8221;1\/2&#8243;][vc_custom_heading text=&#8221;Segons el tipus d\u2019utilitzaci\u00f3 i\/o ametropia a corregir existeixen diferents tipus de lents toves:&#8221; font_container=&#8221;tag:h4|text_align:center&#8221; use_theme_fonts=&#8221;yes&#8221;][\/vc_column_inner][vc_column_inner width=&#8221;1\/4&#8243;][\/vc_column_inner][\/vc_row_inner][vc_row_inner][vc_column_inner width=&#8221;1\/2&#8243;][vc_custom_heading text=&#8221;Di\u00e0ries&#8221; font_container=&#8221;tag:h3|text_align:left&#8221; use_theme_fonts=&#8221;yes&#8221;][vc_separator color=&#8221;custom&#8221; align=&#8221;align_left&#8221; border_width=&#8221;2&#8243; el_width=&#8221;20&#8243; accent_color=&#8221;#162ca4&#8243; css=&#8221;.vc_custom_1543851356558{padding-top: 20px !important;padding-bottom: 20px !important;}&#8221;][vc_column_text]Posar, treure i estrenar lents cada dia, \u00e9s a dir, son d\u2019un sol \u00fas. Les recomanem sobretot per utilitzar ocasionalment i al.l\u00e8rgies a l\u00edquids, ja que no fa falta manteniment\u2026<br \/>\nHi ha LC di\u00e0ries esf\u00e8riques (per corregir miopia e hipermetropia), t\u00f2riques (per corregir astigmatisme acompanyat o no de miopia o hipermetropia), cosm\u00e8tiques (per canviar el color de la teva mirada) i progressives (per corregir la vista cansada o presb\u00edcia).[\/vc_column_text][\/vc_column_inner][vc_column_inner width=&#8221;1\/2&#8243;][vc_custom_heading text=&#8221;Mensuals&#8221; font_container=&#8221;tag:h3|text_align:left&#8221; use_theme_fonts=&#8221;yes&#8221;][vc_separator color=&#8221;custom&#8221; align=&#8221;align_left&#8221; border_width=&#8221;2&#8243; el_width=&#8221;20&#8243; accent_color=&#8221;#162ca4&#8243; css=&#8221;.vc_custom_1543851356558{padding-top: 20px !important;padding-bottom: 20px !important;}&#8221;][vc_column_text]Recomenades per usuaris que les fan servir cada dia. S\u2019ha de substituir la lent una vegada al mes i netejar-les fora de l\u2019ull, per eliminar les prote\u00efnes, l\u00edpids i microorganismes que hi hagi a la superf\u00edcie de la lent cada vegada que es vagin a utilitzar. Existeixen per corregir tot tipus d\u2019errors refractius i tamb\u00e9 lents terap\u00e8utiques i d\u2019\u00fas continuat.[\/vc_column_text][\/vc_column_inner][\/vc_row_inner][\/vc_column][\/vc_row][vc_row full_width=&#8221;stretch_row&#8221; gap=&#8221;30&#8243; equal_height=&#8221;yes&#8221; content_placement=&#8221;middle&#8221; woss_section_padding=&#8221;yes_please&#8221; woss_parallax=&#8221;yes&#8221; woss_parallax_image=&#8221;576&#8243; css=&#8221;.vc_custom_1545393452287{background-position: center !important;background-repeat: no-repeat !important;background-size: cover !important;}&#8221;][vc_column width=&#8221;1\/4&#8243;][\/vc_column][vc_column width=&#8221;1\/2&#8243;][vc_icon icon_fontawesome=&#8221;fa fa-circle-thin&#8221; color=&#8221;custom&#8221; size=&#8221;xl&#8221; align=&#8221;center&#8221; custom_color=&#8221;#162ca4&#8243;][vc_separator color=&#8221;custom&#8221; border_width=&#8221;2&#8243; el_width=&#8221;20&#8243; accent_color=&#8221;#162ca4&#8243; css=&#8221;.vc_custom_1543419933875{padding-top: 20px !important;padding-bottom: 20px !important;}&#8221;][vc_column_text css=&#8221;.vc_custom_1543576902215{margin-top: 30px !important;}&#8221;]<\/p>\n<h3 style=\"text-align: center;\">Tamb\u00e9 fem adaptacions de lents de contacte gas permeables per graduacions elevades, control de miopia, c\u00f2rnies irregulars\u2026<\/h3>\n<p>[\/vc_column_text][\/vc_column][vc_column width=&#8221;1\/4&#8243;][\/vc_column][\/vc_row][vc_row full_width=&#8221;stretch_row&#8221; el_class=&#8221;no-margin&#8221;][vc_column]<div class=\"templatera_shortcode\"><section data-vc-full-width=\"true\" data-vc-full-width-init=\"false\" class=\"vc_section footer-section vc_custom_1543430223178 vc_section-has-fill\"><div class=\"vc_row wpb_row vc_row-fluid\"><div class=\"wpb_column vc_column_container vc_col-sm-3\"><div class=\"vc_column-inner\"><div class=\"wpb_wrapper\"><div  class=\"vc_wp_custommenu wpb_content_element\"><div class=\"widget widget_nav_menu\"><h2 class=\"widgettitle\">Productes<\/h2><div class=\"menu-productes-cat-container\"><ul id=\"menu-productes-cat\" class=\"menu\"><li id=\"menu-item-208\" class=\"menu-item menu-item-type-post_type menu-item-object-page menu-item-208\"><a href=\"https:\/\/opticaubach.com\/ca\/productes\/lents-oftalmiques\/\">Lents oft\u00e0lmiques<\/a><\/li>\n<li id=\"menu-item-207\" class=\"menu-item menu-item-type-post_type menu-item-object-page menu-item-207\"><a href=\"https:\/\/opticaubach.com\/ca\/productes\/montures\/\">Muntures de ulleres<\/a><\/li>\n<li id=\"menu-item-206\" class=\"menu-item menu-item-type-post_type menu-item-object-page menu-item-206\"><a href=\"https:\/\/opticaubach.com\/ca\/productes\/ulleres-de-sol\/\">Ulleres de Sol<\/a><\/li>\n<li id=\"menu-item-205\" class=\"menu-item menu-item-type-post_type menu-item-object-page menu-item-205\"><a href=\"https:\/\/opticaubach.com\/ca\/productes\/lents-de-contacte\/\">Lents de contacte<\/a><\/li>\n<li id=\"menu-item-204\" class=\"menu-item menu-item-type-post_type menu-item-object-page menu-item-204\"><a href=\"https:\/\/opticaubach.com\/ca\/productes\/audiofons\/\">Audi\u00f2fons<\/a><\/li>\n<\/ul><\/div><\/div><\/div><\/div><\/div><\/div><div class=\"wpb_column vc_column_container vc_col-sm-9\"><div class=\"vc_column-inner\"><div class=\"wpb_wrapper\"><div class=\"vc_row wpb_row vc_inner vc_row-fluid vc_custom_1543431163655\"><div class=\"wpb_column vc_column_container vc_col-sm-6\"><div class=\"vc_column-inner\"><div class=\"wpb_wrapper\">\n\t<div class=\"wpb_raw_code wpb_content_element wpb_raw_html\" >\n\t\t<div class=\"wpb_wrapper\">\n\t\t\t<!-- Left Icon -->\n<div class=\"elements-features-left-icon\">\n    <div class=\"features-item\">\n        <div class=\"col-sm-2 col-no-p\">\n            <div class=\"features-icon\">\n                <span class=\"fa fa-clock-o\"><\/span>\n            <\/div>\n        <\/div>\n        <div class=\"col-sm-10 col-no-p\">\n            <h3 class=\"features-title\">Horario<\/h3>\n            <div class=\"features-descr\">Dilluns a Divendres: 09.45h a 13.30h i 17.00h a 20.15h.<br\/>Dissabte: 10.00h a 13.30h, tardes tancat excepte visites programades.<\/div>\n        <\/div>\n    <\/div>\n<\/div>\n\t\t<\/div>\n\t<\/div>\n<\/div><\/div><\/div><div class=\"wpb_column vc_column_container vc_col-sm-6\"><div class=\"vc_column-inner\"><div class=\"wpb_wrapper\"> <!-- Left Icon -->\n\t\t\t\t\t<div class=\"elements-features-left-icon\">\n\t\t\t\t\t\t<div class=\"features-item\">\n\t\t\t\t\t\t\t<div class=\"col-sm-2 col-no-p\">\n\t\t\t\t\t\t\t\t<div class=\"features-icon\">\n\t\t\t\t\t\t\t\t\t<span class=\"fa fa-phone\"><\/span>\n\t\t\t\t\t\t\t\t<\/div>\n\t\t\t\t\t\t\t<\/div>\n\t\t\t\t\t\t\t<div class=\"col-sm-10 col-no-p\">\n\t\t\t\t\t\t\t\t<h3 class=\"features-title\">Tel\u00e8fon<\/h3>\n\t\t\t\t\t\t\t\t<div class=\"features-descr\">937 952 762<\/div>\n\t\t\t\t\t\t\t<\/div>\n\t\t\t\t\t\t<\/div>\n\t\t\t\t\t<\/div><div class=\"vc_empty_space\"   style=\"height: 85px\"><span class=\"vc_empty_space_inner\"><\/span><\/div> <!-- Left Icon -->\n\t\t\t\t\t<div class=\"elements-features-left-icon\">\n\t\t\t\t\t\t<div class=\"features-item\">\n\t\t\t\t\t\t\t<div class=\"col-sm-2 col-no-p\">\n\t\t\t\t\t\t\t\t<div class=\"features-icon\">\n\t\t\t\t\t\t\t\t\t<span class=\"fa fa-whatsapp\"><\/span>\n\t\t\t\t\t\t\t\t<\/div>\n\t\t\t\t\t\t\t<\/div>\n\t\t\t\t\t\t\t<div class=\"col-sm-10 col-no-p\">\n\t\t\t\t\t\t\t\t<h3 class=\"features-title\">Whatsapp<\/h3>\n\t\t\t\t\t\t\t\t<div class=\"features-descr\">662 305 759<\/div>\n\t\t\t\t\t\t\t<\/div>\n\t\t\t\t\t\t<\/div>\n\t\t\t\t\t<\/div><\/div><\/div><\/div><\/div><div class=\"vc_row wpb_row vc_inner vc_row-fluid vc_custom_1543431168740\"><div class=\"wpb_column vc_column_container vc_col-sm-6\"><div class=\"vc_column-inner\"><div class=\"wpb_wrapper\"> <!-- Left Icon -->\n\t\t\t\t\t<div class=\"elements-features-left-icon\">\n\t\t\t\t\t\t<div class=\"features-item\">\n\t\t\t\t\t\t\t<div class=\"col-sm-2 col-no-p\">\n\t\t\t\t\t\t\t\t<div class=\"features-icon\">\n\t\t\t\t\t\t\t\t\t<span class=\"fa fa-map-marker\"><\/span>\n\t\t\t\t\t\t\t\t<\/div>\n\t\t\t\t\t\t\t<\/div>\n\t\t\t\t\t\t\t<div class=\"col-sm-10 col-no-p\">\n\t\t\t\t\t\t\t\t<h3 class=\"features-title\">Adre\u00e7a<\/h3>\n\t\t\t\t\t\t\t\t<div class=\"features-descr\">Carrer Munt, 12<br \/>\r\n08392 Sant Andreu de Llavaneres<\/div>\n\t\t\t\t\t\t\t<\/div>\n\t\t\t\t\t\t<\/div>\n\t\t\t\t\t<\/div><\/div><\/div><\/div><div class=\"wpb_column vc_column_container vc_col-sm-6\"><div class=\"vc_column-inner\"><div class=\"wpb_wrapper\"> <!-- Left Icon -->\n\t\t\t\t\t<div class=\"elements-features-left-icon\">\n\t\t\t\t\t\t<div class=\"features-item\">\n\t\t\t\t\t\t\t<div class=\"col-sm-2 col-no-p\">\n\t\t\t\t\t\t\t\t<div class=\"features-icon\">\n\t\t\t\t\t\t\t\t\t<span class=\"fa fa-envelope\"><\/span>\n\t\t\t\t\t\t\t\t<\/div>\n\t\t\t\t\t\t\t<\/div>\n\t\t\t\t\t\t\t<div class=\"col-sm-10 col-no-p\">\n\t\t\t\t\t\t\t\t<h3 class=\"features-title\">Correu<\/h3>\n\t\t\t\t\t\t\t\t<div class=\"features-descr\">web@opticaubach.com<\/div>\n\t\t\t\t\t\t\t<\/div>\n\t\t\t\t\t\t<\/div>\n\t\t\t\t\t<\/div><\/div><\/div><\/div><\/div><\/div><\/div><\/div><\/div><\/section><div class=\"vc_row-full-width vc_clearfix\"><\/div>\r\n<\/div>[\/vc_column][\/vc_row]<\/p>\n<\/section>","protected":false},"excerpt":{"rendered":"ProductesLents oft\u00e0lmiques Muntures de ulleres Ulleres de Sol Lents de contacte Audi\u00f2fons Horario Dilluns a Divendres: 09.45h a 13.30h i 17.00h a 20.15h.Dissabte: 10.00h a 13.30h, tardes tancat excepte visites programades. Tel\u00e8fon 937 952 762 Whatsapp 662 305 759 Adre\u00e7a Carrer Munt, 12 08392 Sant Andreu de Llavaneres Correu web@opticaubach.com","protected":false},"author":1,"featured_media":0,"parent":11,"menu_order":0,"comment_status":"closed","ping_status":"closed","template":"template-page.php","meta":{"_seopress_robots_primary_cat":""},"_links":{"self":[{"href":"https:\/\/opticaubach.com\/ca\/wp-json\/wp\/v2\/pages\/190"}],"collection":[{"href":"https:\/\/opticaubach.com\/ca\/wp-json\/wp\/v2\/pages"}],"about":[{"href":"https:\/\/opticaubach.com\/ca\/wp-json\/wp\/v2\/types\/page"}],"author":[{"embeddable":true,"href":"https:\/\/opticaubach.com\/ca\/wp-json\/wp\/v2\/users\/1"}],"replies":[{"embeddable":true,"href":"https:\/\/opticaubach.com\/ca\/wp-json\/wp\/v2\/comments?post=190"}],"version-history":[{"count":1,"href":"https:\/\/opticaubach.com\/ca\/wp-json\/wp\/v2\/pages\/190\/revisions"}],"predecessor-version":[{"id":726,"href":"https:\/\/opticaubach.com\/ca\/wp-json\/wp\/v2\/pages\/190\/revisions\/726"}],"up":[{"embeddable":true,"href":"https:\/\/opticaubach.com\/ca\/wp-json\/wp\/v2\/pages\/11"}],"wp:attachment":[{"href":"https:\/\/opticaubach.com\/ca\/wp-json\/wp\/v2\/media?parent=190"}],"curies":[{"name":"wp","href":"https:\/\/api.w.org\/{rel}","templated":true}]}}